{"id":3,"date":"2020-05-17T20:03:05","date_gmt":"2020-05-17T18:03:05","guid":{"rendered":"https:\/\/elcellerdematadepera.restaurant\/dev\/?page_id=3"},"modified":"2020-12-04T09:07:46","modified_gmt":"2020-12-04T08:07:46","slug":"politica-de-privadesa","status":"publish","type":"page","link":"https:\/\/elcellerdematadepera.restaurant\/menjar-per-emportar\/politica-de-privadesa\/","title":{"rendered":"Pol\u00edtica de privadesa"},"content":{"rendered":"\n<p><strong><u>INFORMACI\u00d3 EN COMPLIMENT DEL QUE ESTABLEIX LA LLEI 34\/2002, DEL 11 DE JULIOL, DE SERVEIS DE LA SOCIETAT DE LA INFORMACI\u00d3 I DE COMER\u00c7 ELECTR\u00d2NIC<\/u><\/strong><\/p>\n\n\n\n<p>En compliment del que estableix l&#8217;article 10 de la Llei 34\/2002, d&#8217;11 de juliol, de serveis de la societat de la informaci\u00f3 i de comer\u00e7 electr\u00f2nic (d&#8217;ara endavant, LSSI-CE), s\u2019informa de manera expressa, precisa i inequ\u00edvoca, tant als destinataris del servei com als \u00f2rgans competents, dels seg\u00fcents aspectes relatius al prestador de serveis de la societat de la informaci\u00f3:<\/p>\n\n\n\n<figure class=\"wp-block-table\"><table><tbody><tr><td><strong>NOM \/ DENOMINACI\u00d3 SOCIAL<\/strong><\/td><td>EL NOU CELLER DE MATADEPERA, S.L.<\/td><\/tr><tr><td><strong>CIF \/ NIF<\/strong><\/td><td>B64970064<\/td><\/tr><tr><td><strong>ACTIVITAT \/ OBJECTE SOCIAL<\/strong><\/td><td>Restauraci\u00f3<\/td><\/tr><tr><td><strong>DOMICILI SOCIAL \/ PROFESSIONAL<\/strong><\/td><td>Sant lloren\u00e7, 36 , 08230 \u2013 Matadepera (Barcelona)<\/td><\/tr><tr><td><strong>TEL\u00c8FON<\/strong><\/td><td>937870857<\/td><\/tr><tr><td><strong>FAX<\/strong><\/td><td><\/td><\/tr><tr><td><strong>ADRE\u00c7A DE CORREU ELECTR\u00d2NIC<\/strong><\/td><td><a href=\"mailto:info@elcellerdematadepera.com\">info@elcellerdematadepera.com<\/a><\/td><\/tr><tr><td><strong>ADRE\u00c7A WEB<\/strong><\/td><td>www.elcellerdematadepera.restaurant<\/td><\/tr><tr><td><strong>DADES D&#8217;INSCRIPCI\u00d3 EN EL REGISTRE MERCANTIL \/ REGISTRE P\u00daBLIC<\/strong><\/td><td>Registre Mercantil de Barcelona Tomo 40851 Hoja B377307 Folio 122 Inscripci\u00f3n 1<\/td><\/tr><\/tbody><\/table><\/figure>\n\n\n\n<p><strong><u>INFORMACI\u00d3 EN COMPLIMENT DEL QUE ESTABLEIX LA LLEI ORG\u00c0NICA DE PROTECCI\u00d3 DE DADES DE CAR\u00c0CTER PERSONAL<\/u><\/strong><\/p>\n\n\n\n<p><strong>PRINCIPI D\u2019INFORMACI\u00d3<\/strong><\/p>\n\n\n\n<p>En compliment del que estableix l&#8217;article 5 de la Llei org\u00e0nica 15\/1999, de 13 de desembre, de protecci\u00f3 de dades de car\u00e0cter personal (d&#8217;ara endavant, LOPD), us informem de manera expressa, precisa i inequ\u00edvoca que les dades que faciliteu, aix\u00ed com les que es generin durant la vostra relaci\u00f3 amb la nostra entitat, seran objecte de tractament en els fitxers responsabilitat de <strong>EL NOU CELLER DE MATADEPERA, S.L.<\/strong>, degudament notificats al registre de la &#8220;Agencia Espa\u00f1ola de Protecci\u00f3n de Datos&#8221;, amb la finalitat del manteniment i compliment de la relaci\u00f3 del destinatari del servei amb la nostra entitat i prestaci\u00f3 de serveis derivats de la mateixa.<\/p>\n\n\n\n<p>Aix\u00ed mateix, en compliment de la citada LOPD i la Llei 34\/2002, d&#8217;11 de juliol, de serveis de la societat de la informaci\u00f3 i de comer\u00e7 electr\u00f2nic (d&#8217;ara endavant, LSSI-CE), us informem que les vostres dades poden ser utilitzades amb la finalitat d&#8217;enviar-vos comunicacions amb informaci\u00f3 d&#8217;inter\u00e8s en general i sobre l&#8217;exercici de la professi\u00f3 i l\u2019organitzaci\u00f3 col\u00b7legial en particular, a trav\u00e9s del tel\u00e8fon, el correu postal ordinari, el fax, el correu electr\u00f2nic o altres mitjans de comunicaci\u00f3 electr\u00f2nica equivalents.<\/p>\n\n\n\n<p>De la mateixa manera, us informem que es cediran les vostres dades en tots aquells casos en qu\u00e8 calgui per al desenvolupament, el compliment i el control de la relaci\u00f3 amb la nostra entitat i per al compliment dels seus fins i de totes les funcions que li siguin pr\u00f2pies, aix\u00ed com en els sup\u00f2sits en qu\u00e8 ho autoritzi una norma amb rang de llei i, en particular, quan concorri un dels seg\u00fcents suposits: a) El tractament o la cesi\u00f3 tinguin per objecte la satisfacci\u00f3 d&#8217;un inter\u00e8s leg\u00edtim del responsable del tractament o del cesionari emparat per aquesta norma; b) El tractament o la cesi\u00f3 de les dades siguin necessaris perqu\u00e8 el responsable del tractament compleixi un deure que li imposi la norma.<\/p>\n\n\n\n<p><strong>PRINCIPI DEL CONSENTIMENT<\/strong><\/p>\n\n\n\n<p>El consentiment per al tractament de les vostres dades amb les finalitats descrites en l&#8217;apartat anterior s&#8217;ent\u00e9n prestat a trav\u00e9s del marcatge de les caselles corresponents disposades a aquest efecte en la nostra p\u00e0gina web.<\/p>\n\n\n\n<p><strong>CAR\u00c0CTER OBLIGATORI DE LES DADES SOL\u00b7LICITADES<\/strong><\/p>\n\n\n\n<p>L\u2019emplenament de tots i cadascun dels camps que apareixen en els formularis disposats a aquest efecte en la nostra p\u00e0gina web t\u00e9 car\u00e0cter obligatori (en cas contrari, els camps que tinguin car\u00e0cter obligatori apareixeran marcats amb un asterisc). La negativa a facilitar les vostres dades comportaria la impossibilitat de mantenir i complir la relaci\u00f3 del destinatari del servei amb la nostra entitat, ja que les dades s\u00f3n necess\u00e0ries per a la prestaci\u00f3 de serveis derivada d\u2019aquesta.<\/p>\n\n\n\n<p><strong>PRINCIPI DE QUALITAT DE LES DADES<\/strong><\/p>\n\n\n\n<p>El destinatari del servei \u00e9s l&#8217;\u00fanic responsable de la veracitat i l\u2019exactitud de les dades aportades, i <strong>EL NOU CELLER DE MATADEPERA, S.L.<\/strong><em> actuar\u00e0 de bona fe com a mer prestador del servei.<\/em><\/p>\n\n\n\n<p>En el sup\u00f2sit que el destinatari del servei faciliti dades falses o de terceres persones sense que n\u2019hagi obtingut el consentiment per fer-ho, respondr\u00e0 personalment de les responsabilitats derivades d\u2019aquesta circumst\u00e0ncia davant de <strong>EL NOU CELLER DE MATADEPERA, S.L.<\/strong>, dels afectats o interessats, de l\u2019Ag\u00e8ncia Espanyola de Protecci\u00f3 de Dades i, si n\u2019hi ha, de les autoritats auton\u00f2miques de protecci\u00f3 de dades.<\/p>\n\n\n\n<p><strong>EL NOU CELLER DE MATADEPERA, S.L<\/strong><em>.<\/em> no recull dades de persones menors de catorze anys a trav\u00e9s de la seva p\u00e0gina web. En el cas que una persona menor de catorze anys faciliti les seves dades a trav\u00e9s dels formularis disposats a aquest efecte a la nostra p\u00e0gina web o en qualsevol altre canal de recollida, es destruiran immediatament en el mateix moment en qu\u00e8 es tingui not\u00edcia d\u2019aquesta circumst\u00e0ncia.<\/p>\n\n\n\n<p>Amb la finalitat de complir el que estableix l&#8217;article 4.3 de l\u2019LOPD, el destinatari del servei es compromet a comunicar a <strong>EL NOU CELLER DE MATADEPERA, S.L.<\/strong> els canvis que es produeixin respecte les seves dades, de manera que responguin amb veracitat a la seva situaci\u00f3 actual en tot moment.<\/p>\n\n\n\n<p><strong>PRINCIPI DE SEGURETAT DE LES DADES<\/strong><\/p>\n\n\n\n<p><strong>EL NOU CELLER DE MATADEPERA, S.L. <\/strong>es compromet a complir la seva obligaci\u00f3 de secret respecte de les dades de car\u00e0cter personal i del seu deure de guardar-les, i ha d\u2019adoptar totes les mesures d&#8217;\u00edndole t\u00e8cnica i organitzativa necess\u00e0ries que garanteixin la seguretat de les dades de car\u00e0cter personal i n\u2019evitin l\u2019alteraci\u00f3, la p\u00e8rdua, el tractament o l\u2019acc\u00e9s no autoritzat, tenint en compte l&#8217;estat de la tecnologia, la naturalesa de les dades emmagatzemades i els riscos a qu\u00e8 estiguin exposades, tant si provenen de l&#8217;acci\u00f3 humana com del medi f\u00edsic o natural, desenvolupades al t\u00edtol VIII del Reial decret 1720\/2007, de 21 de desembre, pel qual s&#8217;aprova el Reglament de desenvolupament de la Llei org\u00e0nica 15\/1999, de 13 de desembre, de protecci\u00f3 de dades de car\u00e0cter personal.<\/p>\n\n\n\n<p><strong>EXERCICI DE DRETS<\/strong><\/p>\n\n\n\n<p>En compliment del que estableixen l\u2019LOPD i el Reial decret 1720\/2007, de 21 de desembre, pel qual s&#8217;aprova el Reglament de desenvolupament d\u2019aquella, el destinatari del servei pot exercitar, en qualsevol moment, els seus drets d&#8217;acc\u00e9s, rectificaci\u00f3, cancel\u00b7laci\u00f3 i oposici\u00f3 davant el responsable del fitxer o del tractament, cas en qu\u00e8 ha d\u2019adjuntar una fotoc\u00f2pia del DNI.<\/p>\n\n\n\n<p><strong>RESPONSABLE DEL FITXER O DEL TRACTAMENT<\/strong><\/p>\n\n\n\n<p>El responsable del fitxer o del tractament \u00e9s <strong>EL NOU CELLER DE MATADEPERA, S.L.<\/strong>, amb domicili a l\u2019efecte de notificacions a Carrer Gaud\u00ed, 2, 08230 &#8211; Matadepera (Barcelona).<\/p>\n","protected":false},"excerpt":{"rendered":"<p>INFORMACI\u00d3 EN COMPLIMENT DEL QUE ESTABLEIX LA LLEI 34\/2002, DEL 11 DE JULIOL, DE SERVEIS DE LA SOCIETAT DE LA INFORMACI\u00d3 I DE COMER\u00c7 ELECTR\u00d2NIC En compliment del que estableix&#8230;<\/p>\n","protected":false},"author":1,"featured_media":0,"parent":0,"menu_order":0,"comment_status":"closed","ping_status":"open","template":"","meta":{"footnotes":""},"class_list":["post-3","page","type-page","status-publish"],"_links":{"self":[{"href":"https:\/\/elcellerdematadepera.restaurant\/menjar-per-emportar\/wp-json\/wp\/v2\/pages\/3","targetHints":{"allow":["GET"]}}],"collection":[{"href":"https:\/\/elcellerdematadepera.restaurant\/menjar-per-emportar\/wp-json\/wp\/v2\/pages"}],"about":[{"href":"https:\/\/elcellerdematadepera.restaurant\/menjar-per-emportar\/wp-json\/wp\/v2\/types\/page"}],"author":[{"embeddable":true,"href":"https:\/\/elcellerdematadepera.restaurant\/menjar-per-emportar\/wp-json\/wp\/v2\/users\/1"}],"replies":[{"embeddable":true,"href":"https:\/\/elcellerdematadepera.restaurant\/menjar-per-emportar\/wp-json\/wp\/v2\/comments?post=3"}],"version-history":[{"count":2,"href":"https:\/\/elcellerdematadepera.restaurant\/menjar-per-emportar\/wp-json\/wp\/v2\/pages\/3\/revisions"}],"predecessor-version":[{"id":2462,"href":"https:\/\/elcellerdematadepera.restaurant\/menjar-per-emportar\/wp-json\/wp\/v2\/pages\/3\/revisions\/2462"}],"wp:attachment":[{"href":"https:\/\/elcellerdematadepera.restaurant\/menjar-per-emportar\/wp-json\/wp\/v2\/media?parent=3"}],"curies":[{"name":"wp","href":"https:\/\/api.w.org\/{rel}","templated":true}]}}